{"id":5,"date":"2023-03-06T08:06:00","date_gmt":"2023-03-06T08:06:00","guid":{"rendered":"https:\/\/afer.ase.ro\/?page_id=5"},"modified":"2026-04-29T14:00:01","modified_gmt":"2026-04-29T14:00:01","slug":"asociatia-facultatilor-de-economie-din-romania-afer","status":"publish","type":"page","link":"https:\/\/afer.ase.ro\/","title":{"rendered":"Asocia\u021bia Facult\u0103\u021bilor de Economie din Rom\u00e2nia (AFER)"},"content":{"rendered":"\t\t<div data-elementor-type=\"wp-page\" data-elementor-id=\"5\" class=\"elementor elementor-5\">\n\t\t\t\t\t\t\t\t\t<section class=\"elementor-section elementor-top-section elementor-element elementor-element-d66e7a9 elementor-section-boxed elementor-section-height-default elementor-section-height-default\" data-id=\"d66e7a9\" data-element_type=\"section\">\n\t\t\t\t\t\t<div class=\"elementor-container elementor-column-gap-default\">\n\t\t\t\t\t<div class=\"elementor-column elementor-col-100 elementor-top-column elementor-element elementor-element-90e67d7\" data-id=\"90e67d7\" data-element_type=\"column\">\n\t\t\t<div class=\"elementor-widget-wrap elementor-element-populated\">\n\t\t\t\t\t\t\t\t<div class=\"elementor-element elementor-element-f14a639 animated-fast elementor-invisible elementor-widget elementor-widget-heading\" data-id=\"f14a639\" data-element_type=\"widget\" data-settings=\"{&quot;_animation&quot;:&quot;zoomIn&quot;}\" data-widget_type=\"heading.default\">\n\t\t\t\t<div class=\"elementor-widget-container\">\n\t\t\t<style>\/*! elementor - v3.13.2 - 11-05-2023 *\/\n.elementor-heading-title{padding:0;margin:0;line-height:1}.elementor-widget-heading .elementor-heading-title[class*=elementor-size-]>a{color:inherit;font-size:inherit;line-height:inherit}.elementor-widget-heading .elementor-heading-title.elementor-size-small{font-size:15px}.elementor-widget-heading .elementor-heading-title.elementor-size-medium{font-size:19px}.elementor-widget-heading .elementor-heading-title.elementor-size-large{font-size:29px}.elementor-widget-heading .elementor-heading-title.elementor-size-xl{font-size:39px}.elementor-widget-heading .elementor-heading-title.elementor-size-xxl{font-size:59px}<\/style><h2 class=\"elementor-heading-title elementor-size-default\">Evenimente\/nout\u0103\u0163i<\/h2>\t\t<\/div>\n\t\t\t\t<\/div>\n\t\t\t\t<div class=\"elementor-element elementor-element-6075f12 animated-fast elementor-widget-divider--view-line elementor-invisible elementor-widget elementor-widget-divider\" data-id=\"6075f12\" data-element_type=\"widget\" data-settings=\"{&quot;_animation&quot;:&quot;fadeInRight&quot;}\" data-widget_type=\"divider.default\">\n\t\t\t\t<div class=\"elementor-widget-container\">\n\t\t\t<style>\/*! elementor - v3.13.2 - 11-05-2023 *\/\n.elementor-widget-divider{--divider-border-style:none;--divider-border-width:1px;--divider-color:#0c0d0e;--divider-icon-size:20px;--divider-element-spacing:10px;--divider-pattern-height:24px;--divider-pattern-size:20px;--divider-pattern-url:none;--divider-pattern-repeat:repeat-x}.elementor-widget-divider .elementor-divider{display:flex}.elementor-widget-divider .elementor-divider__text{font-size:15px;line-height:1;max-width:95%}.elementor-widget-divider .elementor-divider__element{margin:0 var(--divider-element-spacing);flex-shrink:0}.elementor-widget-divider .elementor-icon{font-size:var(--divider-icon-size)}.elementor-widget-divider .elementor-divider-separator{display:flex;margin:0;direction:ltr}.elementor-widget-divider--view-line_icon .elementor-divider-separator,.elementor-widget-divider--view-line_text .elementor-divider-separator{align-items:center}.elementor-widget-divider--view-line_icon .elementor-divider-separator:after,.elementor-widget-divider--view-line_icon .elementor-divider-separator:before,.elementor-widget-divider--view-line_text .elementor-divider-separator:after,.elementor-widget-divider--view-line_text .elementor-divider-separator:before{display:block;content:\"\";border-bottom:0;flex-grow:1;border-top:var(--divider-border-width) var(--divider-border-style) var(--divider-color)}.elementor-widget-divider--element-align-left .elementor-divider .elementor-divider-separator>.elementor-divider__svg:first-of-type{flex-grow:0;flex-shrink:100}.elementor-widget-divider--element-align-left .elementor-divider-separator:before{content:none}.elementor-widget-divider--element-align-left .elementor-divider__element{margin-left:0}.elementor-widget-divider--element-align-right .elementor-divider .elementor-divider-separator>.elementor-divider__svg:last-of-type{flex-grow:0;flex-shrink:100}.elementor-widget-divider--element-align-right .elementor-divider-separator:after{content:none}.elementor-widget-divider--element-align-right .elementor-divider__element{margin-right:0}.elementor-widget-divider:not(.elementor-widget-divider--view-line_text):not(.elementor-widget-divider--view-line_icon) .elementor-divider-separator{border-top:var(--divider-border-width) var(--divider-border-style) var(--divider-color)}.elementor-widget-divider--separator-type-pattern{--divider-border-style:none}.elementor-widget-divider--separator-type-pattern.elementor-widget-divider--view-line .elementor-divider-separator,.elementor-widget-divider--separator-type-pattern:not(.elementor-widget-divider--view-line) .elementor-divider-separator:after,.elementor-widget-divider--separator-type-pattern:not(.elementor-widget-divider--view-line) .elementor-divider-separator:before,.elementor-widget-divider--separator-type-pattern:not([class*=elementor-widget-divider--view]) .elementor-divider-separator{width:100%;min-height:var(--divider-pattern-height);-webkit-mask-size:var(--divider-pattern-size) 100%;mask-size:var(--divider-pattern-size) 100%;-webkit-mask-repeat:var(--divider-pattern-repeat);mask-repeat:var(--divider-pattern-repeat);background-color:var(--divider-color);-webkit-mask-image:var(--divider-pattern-url);mask-image:var(--divider-pattern-url)}.elementor-widget-divider--no-spacing{--divider-pattern-size:auto}.elementor-widget-divider--bg-round{--divider-pattern-repeat:round}.rtl .elementor-widget-divider .elementor-divider__text{direction:rtl}.e-con-inner>.elementor-widget-divider,.e-con>.elementor-widget-divider{width:var(--container-widget-width,100%);--flex-grow:var(--container-widget-flex-grow)}<\/style>\t\t<div class=\"elementor-divider\">\n\t\t\t<span class=\"elementor-divider-separator\">\n\t\t\t\t\t\t<\/span>\n\t\t<\/div>\n\t\t\t\t<\/div>\n\t\t\t\t<\/div>\n\t\t\t\t<div class=\"elementor-element elementor-element-33fb44c elementor-invisible elementor-widget elementor-widget-toggle\" data-id=\"33fb44c\" data-element_type=\"widget\" data-settings=\"{&quot;_animation&quot;:&quot;fadeIn&quot;,&quot;_animation_delay&quot;:200}\" data-widget_type=\"toggle.default\">\n\t\t\t\t<div class=\"elementor-widget-container\">\n\t\t\t<style>\/*! elementor - v3.13.2 - 11-05-2023 *\/\n.elementor-toggle{text-align:left}.elementor-toggle .elementor-tab-title{font-weight:700;line-height:1;margin:0;padding:15px;border-bottom:1px solid #d5d8dc;cursor:pointer;outline:none}.elementor-toggle .elementor-tab-title .elementor-toggle-icon{display:inline-block;width:1em}.elementor-toggle .elementor-tab-title .elementor-toggle-icon svg{-webkit-margin-start:-5px;margin-inline-start:-5px;width:1em;height:1em}.elementor-toggle .elementor-tab-title .elementor-toggle-icon.elementor-toggle-icon-right{float:right;text-align:right}.elementor-toggle .elementor-tab-title .elementor-toggle-icon.elementor-toggle-icon-left{float:left;text-align:left}.elementor-toggle .elementor-tab-title .elementor-toggle-icon .elementor-toggle-icon-closed{display:block}.elementor-toggle .elementor-tab-title .elementor-toggle-icon .elementor-toggle-icon-opened{display:none}.elementor-toggle .elementor-tab-title.elementor-active{border-bottom:none}.elementor-toggle .elementor-tab-title.elementor-active .elementor-toggle-icon-closed{display:none}.elementor-toggle .elementor-tab-title.elementor-active .elementor-toggle-icon-opened{display:block}.elementor-toggle .elementor-tab-content{padding:15px;border-bottom:1px solid #d5d8dc;display:none}@media (max-width:767px){.elementor-toggle .elementor-tab-title{padding:12px}.elementor-toggle .elementor-tab-content{padding:12px 10px}}.e-con-inner>.elementor-widget-toggle,.e-con>.elementor-widget-toggle{width:var(--container-widget-width);--flex-grow:var(--container-widget-flex-grow)}<\/style>\t\t<div class=\"elementor-toggle\" role=\"tablist\">\n\t\t\t\t\t\t\t<div class=\"elementor-toggle-item\">\n\t\t\t\t\t<h3 id=\"elementor-tab-title-5451\" class=\"elementor-tab-title\" data-tab=\"1\" role=\"tab\" aria-controls=\"elementor-tab-content-5451\" aria-expanded=\"false\">\n\t\t\t\t\t\t\t\t\t\t\t\t<span class=\"elementor-toggle-icon elementor-toggle-icon-right\" aria-hidden=\"true\">\n\t\t\t\t\t\t\t\t\t\t\t\t\t\t\t<span class=\"elementor-toggle-icon-closed\"><i class=\"fas fa-angle-down\"><\/i><\/span>\n\t\t\t\t\t\t\t\t<span class=\"elementor-toggle-icon-opened\"><i class=\"elementor-toggle-icon-opened fas fa-angle-up\"><\/i><\/span>\n\t\t\t\t\t\t\t\t\t\t\t\t\t<\/span>\n\t\t\t\t\t\t\t\t\t\t\t\t<a href=\"\" class=\"elementor-toggle-title\">Conferin\u021ba Interna\u021bional\u0103 EINCO 2026<\/a>\n\t\t\t\t\t<\/h3>\n\n\t\t\t\t\t<div id=\"elementor-tab-content-5451\" class=\"elementor-tab-content elementor-clearfix\" data-tab=\"1\" role=\"tabpanel\" aria-labelledby=\"elementor-tab-title-5451\"><p><span style=\"color: #000000;\">Facultatea de \u0218tiin\u021be Economice din cadrul Universit\u0103\u021bii din Oradea v\u0103 invit\u0103 la Conferin\u021ba Interna\u021bional\u0103 EINCO 2026, care se va desf\u0103\u0219ura \u00een perioada 20-30 mai 2026.<\/span><\/p><p><span style=\"color: #000000;\">Pentru informa\u021bii complete despre program, sec\u021biuni \u0219i \u00eenscrieri, v\u0103 rug\u0103m s\u0103 accesa\u021bi platforma oficial\u0103 a conferin\u021bei:<\/span>\u00a0<a class=\"ng-star-inserted\" href=\"https:\/\/confdesk.com\/attend\/EINCO2026\" target=\"_blank\" rel=\"noopener\">https:\/\/confdesk.com\/attend\/EINCO2026<\/a>.<\/p><p><a href=\"https:\/\/afer.ase.ro\/wp-content\/uploads\/2026\/04\/EINCO_Call-for-papers.2026.FINAL_.pdf\">CALL FOR PAPERS<\/a><\/p><\/div>\n\t\t\t\t<\/div>\n\t\t\t\t\t\t\t<div class=\"elementor-toggle-item\">\n\t\t\t\t\t<h3 id=\"elementor-tab-title-5452\" class=\"elementor-tab-title\" data-tab=\"2\" role=\"tab\" aria-controls=\"elementor-tab-content-5452\" aria-expanded=\"false\">\n\t\t\t\t\t\t\t\t\t\t\t\t<span class=\"elementor-toggle-icon elementor-toggle-icon-right\" aria-hidden=\"true\">\n\t\t\t\t\t\t\t\t\t\t\t\t\t\t\t<span class=\"elementor-toggle-icon-closed\"><i class=\"fas fa-angle-down\"><\/i><\/span>\n\t\t\t\t\t\t\t\t<span class=\"elementor-toggle-icon-opened\"><i class=\"elementor-toggle-icon-opened fas fa-angle-up\"><\/i><\/span>\n\t\t\t\t\t\t\t\t\t\t\t\t\t<\/span>\n\t\t\t\t\t\t\t\t\t\t\t\t<a href=\"\" class=\"elementor-toggle-title\">IECS 2026 \u2013 International Economic Conference of Sibiu<\/a>\n\t\t\t\t\t<\/h3>\n\n\t\t\t\t\t<div id=\"elementor-tab-content-5452\" class=\"elementor-tab-content elementor-clearfix\" data-tab=\"2\" role=\"tabpanel\" aria-labelledby=\"elementor-tab-title-5452\"><p><span style=\"color: #000000;\">Facultatea de \u0218tiin\u021be Economice din cadrul Universit\u0103\u021bii \u201eLucian Blaga\u201d din Sibiu v\u0103 invit\u0103 la cea de-a 33-a edi\u021bie a Conferin\u021bei Economice Interna\u021bionale de la Sibiu (IECS), care va avea loc \u00een perioada 22-23 mai 2026.<\/span><\/p><p><a href=\"https:\/\/afer.ase.ro\/wp-content\/uploads\/2026\/04\/IECS_202026_20-_20Call_20for_20Papers.pdf\">Call for Papers\u00a0<\/a><\/p><\/div>\n\t\t\t\t<\/div>\n\t\t\t\t\t\t\t<div class=\"elementor-toggle-item\">\n\t\t\t\t\t<h3 id=\"elementor-tab-title-5453\" class=\"elementor-tab-title\" data-tab=\"3\" role=\"tab\" aria-controls=\"elementor-tab-content-5453\" aria-expanded=\"false\">\n\t\t\t\t\t\t\t\t\t\t\t\t<span class=\"elementor-toggle-icon elementor-toggle-icon-right\" aria-hidden=\"true\">\n\t\t\t\t\t\t\t\t\t\t\t\t\t\t\t<span class=\"elementor-toggle-icon-closed\"><i class=\"fas fa-angle-down\"><\/i><\/span>\n\t\t\t\t\t\t\t\t<span class=\"elementor-toggle-icon-opened\"><i class=\"elementor-toggle-icon-opened fas fa-angle-up\"><\/i><\/span>\n\t\t\t\t\t\t\t\t\t\t\t\t\t<\/span>\n\t\t\t\t\t\t\t\t\t\t\t\t<a href=\"\" class=\"elementor-toggle-title\">International Economic Conference \u2013 Challenges and Opportunities for a Sustainable Development (COSD 2026)<\/a>\n\t\t\t\t\t<\/h3>\n\n\t\t\t\t\t<div id=\"elementor-tab-content-5453\" class=\"elementor-tab-content elementor-clearfix\" data-tab=\"3\" role=\"tabpanel\" aria-labelledby=\"elementor-tab-title-5453\"><p><span style=\"color: #000000;\">Facultatea de Economie, Administra\u021bie \u0219i Afaceri din cadrul Universit\u0103\u021bii \u201e\u0218tefan cel Mare\u201d din Suceava v\u0103 invit\u0103 la\u00a0<i data-path-to-node=\"2\" data-index-in-node=\"117\">International Economic Conference \u2013 Challenges and Opportunities for a Sustainable Development (COSD 2026)<\/i>, care se va desf\u0103\u0219ura \u00een perioada\u00a0<strong>4-5 iunie 2026<\/strong>.<\/span><\/p><p><a href=\"https:\/\/afer.ase.ro\/wp-content\/uploads\/2026\/04\/ConferenceSuceava-CFP_2026_v1-OTH.pdf\">CALL FOR PAPERS<\/a><\/p><\/div>\n\t\t\t\t<\/div>\n\t\t\t\t\t\t\t<div class=\"elementor-toggle-item\">\n\t\t\t\t\t<h3 id=\"elementor-tab-title-5454\" class=\"elementor-tab-title\" data-tab=\"4\" role=\"tab\" aria-controls=\"elementor-tab-content-5454\" aria-expanded=\"false\">\n\t\t\t\t\t\t\t\t\t\t\t\t<span class=\"elementor-toggle-icon elementor-toggle-icon-right\" aria-hidden=\"true\">\n\t\t\t\t\t\t\t\t\t\t\t\t\t\t\t<span class=\"elementor-toggle-icon-closed\"><i class=\"fas fa-angle-down\"><\/i><\/span>\n\t\t\t\t\t\t\t\t<span class=\"elementor-toggle-icon-opened\"><i class=\"elementor-toggle-icon-opened fas fa-angle-up\"><\/i><\/span>\n\t\t\t\t\t\t\t\t\t\t\t\t\t<\/span>\n\t\t\t\t\t\t\t\t\t\t\t\t<a href=\"\" class=\"elementor-toggle-title\">Conferin\u021bei Interna\u021bionale \u201dPRESENT ISSUES OF GLOBAL ECONOMY\u201d<\/a>\n\t\t\t\t\t<\/h3>\n\n\t\t\t\t\t<div id=\"elementor-tab-content-5454\" class=\"elementor-tab-content elementor-clearfix\" data-tab=\"4\" role=\"tabpanel\" aria-labelledby=\"elementor-tab-title-5454\"><p>F<span style=\"color: #000000;\">acultatea de \u0218tiin\u021be Economice din cadrul Universit\u0103\u021bii \u201eOvidius\u201d din Constan\u021ba v\u0103 invit\u0103 la cea de-a 23-a edi\u021bie a Conferin\u021bei Interna\u021bionale \u201ePRESENT ISSUES OF GLOBAL ECONOMY\u201d, care va avea loc \u00een perioada\u00a0<strong>25-27 iunie 2026<\/strong>.<\/span><\/p><p><span style=\"color: #000000;\"><b data-path-to-node=\"4,0\" data-index-in-node=\"0\">Detalii suplimentare:<\/b>\u00a0Informa\u021bii complete despre eveniment, \u00eenscrieri \u0219i sec\u021biuni pot fi consultate acces\u00e2nd link-ul oficial:\u00a0<a class=\"ng-star-inserted\" style=\"color: #000000;\" target=\"_blank\" rel=\"noopener\">https:\/\/share.google\/Ryg9ag8bcs8wgHkj8<\/a>.<\/span><\/p><p><a href=\"https:\/\/afer.ase.ro\/wp-content\/uploads\/2026\/04\/PIGE-2026-Invitation.pdf\">CALL FOR PAPERS<\/a><\/p><\/div>\n\t\t\t\t<\/div>\n\t\t\t\t\t\t\t\t<\/div>\n\t\t\t\t<\/div>\n\t\t\t\t<\/div>\n\t\t\t\t<div class=\"elementor-element elementor-element-8d258fb elementor-widget-divider--view-line elementor-widget elementor-widget-divider\" data-id=\"8d258fb\" data-element_type=\"widget\" data-widget_type=\"divider.default\">\n\t\t\t\t<div class=\"elementor-widget-container\">\n\t\t\t\t\t<div class=\"elementor-divider\">\n\t\t\t<span class=\"elementor-divider-separator\">\n\t\t\t\t\t\t<\/span>\n\t\t<\/div>\n\t\t\t\t<\/div>\n\t\t\t\t<\/div>\n\t\t\t\t\t<\/div>\n\t\t<\/div>\n\t\t\t\t\t\t\t<\/div>\n\t\t<\/section>\n\t\t\t\t<section class=\"elementor-section elementor-top-section elementor-element elementor-element-1320073 elementor-section-height-min-height elementor-section-boxed elementor-section-height-default elementor-section-items-middle\" data-id=\"1320073\" data-element_type=\"section\" data-settings=\"{&quot;background_background&quot;:&quot;classic&quot;}\">\n\t\t\t\t\t\t<div class=\"elementor-container elementor-column-gap-custom\">\n\t\t\t\t\t<div class=\"elementor-column elementor-col-100 elementor-top-column elementor-element elementor-element-fabd69d\" data-id=\"fabd69d\" data-element_type=\"column\">\n\t\t\t<div class=\"elementor-widget-wrap elementor-element-populated\">\n\t\t\t\t\t\t\t\t<div class=\"elementor-element elementor-element-ef79f9e elementor-widget elementor-widget-text-editor\" data-id=\"ef79f9e\" data-element_type=\"widget\" data-widget_type=\"text-editor.default\">\n\t\t\t\t<div class=\"elementor-widget-container\">\n\t\t\t<style>\/*! elementor - v3.13.2 - 11-05-2023 *\/\n.elementor-widget-text-editor.elementor-drop-cap-view-stacked .elementor-drop-cap{background-color:#69727d;color:#fff}.elementor-widget-text-editor.elementor-drop-cap-view-framed .elementor-drop-cap{color:#69727d;border:3px solid;background-color:transparent}.elementor-widget-text-editor:not(.elementor-drop-cap-view-default) .elementor-drop-cap{margin-top:8px}.elementor-widget-text-editor:not(.elementor-drop-cap-view-default) .elementor-drop-cap-letter{width:1em;height:1em}.elementor-widget-text-editor .elementor-drop-cap{float:left;text-align:center;line-height:1;font-size:50px}.elementor-widget-text-editor .elementor-drop-cap-letter{display:inline-block}<\/style>\t\t\t\t<p><span style=\"font-size: 14pt;\"><strong><span style=\"color: #000080;\">Rom\u00e2nia se afl\u0103, \u00een prezent, \u00een perioada realiz\u0103rii unei profunde reforme a \u00eenv\u0103\u0163\u0103m\u00e2ntului superior, \u00een general, respectiv a \u00eenv\u0103\u0163\u0103m\u00e2ntului economic superior, \u00een special. Pentru a face fa\u021b\u0103 acestei provoc\u0103ri este nevoie de unirea eforturilor tuturor facult\u0103\u021bilor de economie din \u021bara noastr\u0103, care se poate realiza prin intermediul Asocia\u021biei Facult\u0103\u021bilor de Economie din Rom\u00e2nia (AFER).<\/span><\/strong><\/span><\/p><p style=\"text-align: right;\"><span style=\"font-size: 14pt;\"><strong><span style=\"color: #000080;\"><em>Prof.univ.dr. Nicolae ISTUDOR\u00a0 \u00a0<\/em> \u00a0<\/span><\/strong><\/span><\/p>\t\t\t\t\t\t<\/div>\n\t\t\t\t<\/div>\n\t\t\t\t\t<\/div>\n\t\t<\/div>\n\t\t\t\t\t\t\t<\/div>\n\t\t<\/section>\n\t\t\t\t<section class=\"elementor-section elementor-top-section elementor-element elementor-element-65e1bfb elementor-section-boxed elementor-section-height-default elementor-section-height-default\" data-id=\"65e1bfb\" data-element_type=\"section\" data-settings=\"{&quot;background_background&quot;:&quot;classic&quot;}\">\n\t\t\t\t\t\t<div class=\"elementor-container elementor-column-gap-default\">\n\t\t\t\t\t<div class=\"elementor-column elementor-col-50 elementor-top-column elementor-element elementor-element-cd7a9f0 elementor-invisible\" data-id=\"cd7a9f0\" data-element_type=\"column\" data-settings=\"{&quot;animation&quot;:&quot;fadeIn&quot;,&quot;animation_delay&quot;:150,&quot;background_background&quot;:&quot;classic&quot;}\">\n\t\t\t<div class=\"elementor-widget-wrap elementor-element-populated\">\n\t\t\t\t\t\t\t\t<div class=\"elementor-element elementor-element-0bd3c9d elementor-widget elementor-widget-image\" data-id=\"0bd3c9d\" data-element_type=\"widget\" data-widget_type=\"image.default\">\n\t\t\t\t<div class=\"elementor-widget-container\">\n\t\t\t<style>\/*! elementor - v3.13.2 - 11-05-2023 *\/\n.elementor-widget-image{text-align:center}.elementor-widget-image a{display:inline-block}.elementor-widget-image a img[src$=\".svg\"]{width:48px}.elementor-widget-image img{vertical-align:middle;display:inline-block}<\/style>\t\t\t\t\t\t\t\t\t\t\t\t\t<a href=\"https:\/\/www.facebook.com\/AFERomania\/\" target=\"_blank\">\n\t\t\t\t\t\t\t<img loading=\"lazy\" decoding=\"async\" width=\"287\" height=\"279\" src=\"https:\/\/afer.ase.ro\/wp-content\/uploads\/2023\/03\/fafer.jpg\" class=\"attachment-large size-large wp-image-111\" alt=\"AFER - Asociatia Facultatilor de Economie din Romania\" \/>\t\t\t\t\t\t\t\t<\/a>\n\t\t\t\t\t\t\t\t\t\t\t\t\t\t\t<\/div>\n\t\t\t\t<\/div>\n\t\t\t\t\t<\/div>\n\t\t<\/div>\n\t\t\t\t<div class=\"elementor-column elementor-col-50 elementor-top-column elementor-element elementor-element-b299b8f elementor-invisible\" data-id=\"b299b8f\" data-element_type=\"column\" data-settings=\"{&quot;animation&quot;:&quot;fadeIn&quot;}\">\n\t\t\t<div class=\"elementor-widget-wrap elementor-element-populated\">\n\t\t\t\t\t\t\t\t<div class=\"elementor-element elementor-element-0d3de63 elementor-invisible elementor-widget elementor-widget-image\" data-id=\"0d3de63\" data-element_type=\"widget\" data-settings=\"{&quot;_animation&quot;:&quot;fadeInLeft&quot;}\" data-widget_type=\"image.default\">\n\t\t\t\t<div class=\"elementor-widget-container\">\n\t\t\t\t\t\t\t\t\t\t\t\t\t\t\t<img loading=\"lazy\" decoding=\"async\" width=\"150\" height=\"118\" src=\"https:\/\/afer.ase.ro\/wp-content\/uploads\/2023\/03\/detail1.png\" class=\"attachment-thumbnail size-thumbnail wp-image-598\" alt=\"\" \/>\t\t\t\t\t\t\t\t\t\t\t\t\t\t\t<\/div>\n\t\t\t\t<\/div>\n\t\t\t\t<div class=\"elementor-element elementor-element-b09d280 elementor-invisible elementor-widget elementor-widget-heading\" data-id=\"b09d280\" data-element_type=\"widget\" data-settings=\"{&quot;_animation&quot;:&quot;fadeIn&quot;,&quot;_animation_delay&quot;:200}\" data-widget_type=\"heading.default\">\n\t\t\t\t<div class=\"elementor-widget-container\">\n\t\t\t<h2 class=\"elementor-heading-title elementor-size-default\">Misiune<\/h2>\t\t<\/div>\n\t\t\t\t<\/div>\n\t\t\t\t<div class=\"elementor-element elementor-element-b304c96 animated-fast elementor-widget-divider--view-line elementor-invisible elementor-widget elementor-widget-divider\" data-id=\"b304c96\" data-element_type=\"widget\" data-settings=\"{&quot;_animation&quot;:&quot;fadeInRight&quot;,&quot;_animation_delay&quot;:200}\" data-widget_type=\"divider.default\">\n\t\t\t\t<div class=\"elementor-widget-container\">\n\t\t\t\t\t<div class=\"elementor-divider\">\n\t\t\t<span class=\"elementor-divider-separator\">\n\t\t\t\t\t\t<\/span>\n\t\t<\/div>\n\t\t\t\t<\/div>\n\t\t\t\t<\/div>\n\t\t\t\t<div class=\"elementor-element elementor-element-2f28a05 elementor-invisible elementor-widget elementor-widget-text-editor\" data-id=\"2f28a05\" data-element_type=\"widget\" data-settings=\"{&quot;_animation&quot;:&quot;fadeIn&quot;,&quot;_animation_delay&quot;:200}\" data-widget_type=\"text-editor.default\">\n\t\t\t\t<div class=\"elementor-widget-container\">\n\t\t\t\t\t\t\t<ul style=\"list-style-type: disc;\"><li><span style=\"color: #000000; font-family: georgia, palatino, serif; font-size: 12pt;\">Asocia\u0163ia vizeaz\u0103 dezvoltarea \u015fi perfec\u0163ionarea \u00eenv\u0103\u0163\u0103m\u00e2ntului superior economic din Rom\u00e2nia \u00een spiritul reformator european, av\u00e2nd ca obiective principale:<\/span><\/li><li><span style=\"color: #000000; font-family: georgia, palatino, serif; font-size: 12pt;\">identificarea \u015fi promovarea celor mai bune practici consacrate la nivel na\u0163ional \u015fi interna\u0163ional \u00een materie deeduca\u0163ie, cercetare \u015ftiin\u0163ific\u0103 \u015fi management universitar;<\/span><\/li><li><span style=\"color: #000000; font-family: georgia, palatino, serif; font-size: 12pt;\">promovarea unor standarde de referin\u0163\u0103 realiste pentru asigurarea calit\u0103\u0163ii \u00een \u00eenv\u0103\u0163\u0103m\u00e2ntul superior economic din Rom\u00e2nia;<\/span><\/li><li><span style=\"color: #000000; font-family: georgia, palatino, serif; font-size: 12pt;\">promovarea \u015fi sus\u0163inerea intereselor membrilor Asocia\u0163iei, asum\u00e2ndu-\u015fi expertiza \u00een fundamentarea \u015fimonitorizarea strategiei \u015fi politicilor de modernizare a \u00eenv\u0103\u0163\u0103m\u00e2ntului universitar rom\u00e2nesc, \u00een general, \u015fi a \u00eenv\u0103\u0163\u0103m\u00e2ntului superior economic, \u00een special;<\/span><\/li><li><span style=\"color: #000000; font-family: georgia, palatino, serif; font-size: 12pt;\">dezvoltarea cooper\u0103rii \u00eentre membrii s\u0103i prin conlucrare \u015fi consultare colegial\u0103 pentru rezolvarea prin consens,\u00eentr-o manier\u0103 constructiv\u0103 a provoc\u0103rilor care decurg din aplicarea legisla\u0163iei \u00een domeniul \u00eenv\u0103\u0163\u0103m\u00e2ntului superiorprecum \u015fi rezolvarea altor probleme de interes comun;<\/span><\/li><li><span style=\"color: #000000; font-family: georgia, palatino, serif; font-size: 12pt;\">asigurarea vizibilit\u0103\u0163ii imaginii AFER \u00een comunitatea universitar\u0103 na\u0163ional\u0103 \u015fi european\u0103, \u00een lumea \u015ftiin\u0163ific\u0103 \u015fi \u00eensocietate pentru ac\u0163iunile desf\u0103\u015furate \u00een conformitate cu prevederile statutare<\/span><\/li><\/ul>\t\t\t\t\t\t<\/div>\n\t\t\t\t<\/div>\n\t\t\t\t<div class=\"elementor-element elementor-element-893fb09 elementor-align-right elementor-widget elementor-widget-button\" data-id=\"893fb09\" data-element_type=\"widget\" data-widget_type=\"button.default\">\n\t\t\t\t<div class=\"elementor-widget-container\">\n\t\t\t\t\t<div class=\"elementor-button-wrapper\">\n\t\t\t<a href=\"https:\/\/afer.ase.ro\/?page_id=19\" class=\"elementor-button-link elementor-button elementor-size-sm elementor-animation-skew-forward\" role=\"button\">\n\t\t\t\t\t\t<span class=\"elementor-button-content-wrapper\">\n\t\t\t\t\t\t\t<span class=\"elementor-button-icon elementor-align-icon-right\">\n\t\t\t\t<i aria-hidden=\"true\" class=\"fas fa-angle-right\"><\/i>\t\t\t<\/span>\n\t\t\t\t\t\t<span class=\"elementor-button-text\">mai multe detalii<\/span>\n\t\t<\/span>\n\t\t\t\t\t<\/a>\n\t\t<\/div>\n\t\t\t\t<\/div>\n\t\t\t\t<\/div>\n\t\t\t\t\t<\/div>\n\t\t<\/div>\n\t\t\t\t\t\t\t<\/div>\n\t\t<\/section>\n\t\t\t\t<section class=\"elementor-section elementor-top-section elementor-element elementor-element-42b922d elementor-section-boxed elementor-section-height-default elementor-section-height-default\" data-id=\"42b922d\" data-element_type=\"section\">\n\t\t\t\t\t\t<div class=\"elementor-container elementor-column-gap-default\">\n\t\t\t\t\t<div class=\"elementor-column elementor-col-100 elementor-top-column elementor-element elementor-element-5997f76\" data-id=\"5997f76\" data-element_type=\"column\">\n\t\t\t<div class=\"elementor-widget-wrap elementor-element-populated\">\n\t\t\t\t\t\t\t\t<div class=\"elementor-element elementor-element-28e00df elementor-widget-divider--view-line elementor-widget elementor-widget-divider\" data-id=\"28e00df\" data-element_type=\"widget\" data-widget_type=\"divider.default\">\n\t\t\t\t<div class=\"elementor-widget-container\">\n\t\t\t\t\t<div class=\"elementor-divider\">\n\t\t\t<span class=\"elementor-divider-separator\">\n\t\t\t\t\t\t<\/span>\n\t\t<\/div>\n\t\t\t\t<\/div>\n\t\t\t\t<\/div>\n\t\t\t\t\t<\/div>\n\t\t<\/div>\n\t\t\t\t\t\t\t<\/div>\n\t\t<\/section>\n\t\t\t\t<section class=\"elementor-section elementor-top-section elementor-element elementor-element-f076291 elementor-section-boxed elementor-section-height-default elementor-section-height-default\" data-id=\"f076291\" data-element_type=\"section\" data-settings=\"{&quot;background_background&quot;:&quot;classic&quot;}\">\n\t\t\t\t\t\t<div class=\"elementor-container elementor-column-gap-default\">\n\t\t\t\t\t<div class=\"elementor-column elementor-col-33 elementor-top-column elementor-element elementor-element-5f8aa9d\" data-id=\"5f8aa9d\" data-element_type=\"column\">\n\t\t\t<div class=\"elementor-widget-wrap elementor-element-populated\">\n\t\t\t\t\t\t\t\t<div class=\"elementor-element elementor-element-9db42a6 elementor-position-top elementor-view-default elementor-mobile-position-top elementor-vertical-align-top elementor-invisible elementor-widget elementor-widget-icon-box\" data-id=\"9db42a6\" data-element_type=\"widget\" data-settings=\"{&quot;_animation&quot;:&quot;fadeInLeft&quot;}\" data-widget_type=\"icon-box.default\">\n\t\t\t\t<div class=\"elementor-widget-container\">\n\t\t\t<link rel=\"stylesheet\" href=\"http:\/\/afer.ase.ro\/wp-content\/plugins\/elementor\/assets\/css\/widget-icon-box.min.css\">\t\t<div class=\"elementor-icon-box-wrapper\">\n\t\t\t\t\t\t<div class=\"elementor-icon-box-icon\">\n\t\t\t\t<span class=\"elementor-icon elementor-animation-\" >\n\t\t\t\t<i aria-hidden=\"true\" class=\"far fa-envelope-open\"><\/i>\t\t\t\t<\/span>\n\t\t\t<\/div>\n\t\t\t\t\t\t<div class=\"elementor-icon-box-content\">\n\t\t\t\t<h3 class=\"elementor-icon-box-title\">\n\t\t\t\t\t<span  >\n\t\t\t\t\t\tcontact@afer.ase.ro\t\t\t\t\t<\/span>\n\t\t\t\t<\/h3>\n\t\t\t\t\t\t\t\t\t<p class=\"elementor-icon-box-description\">\n\t\t\t\t\t\tR\u0103spundem \u00een termen de 24 de ore\t\t\t\t\t<\/p>\n\t\t\t\t\t\t\t<\/div>\n\t\t<\/div>\n\t\t\t\t<\/div>\n\t\t\t\t<\/div>\n\t\t\t\t\t<\/div>\n\t\t<\/div>\n\t\t\t\t<div class=\"elementor-column elementor-col-33 elementor-top-column elementor-element elementor-element-e1c3e04\" data-id=\"e1c3e04\" data-element_type=\"column\">\n\t\t\t<div class=\"elementor-widget-wrap elementor-element-populated\">\n\t\t\t\t\t\t\t\t<div class=\"elementor-element elementor-element-b0d6bf9 elementor-view-default elementor-mobile-position-top elementor-vertical-align-top elementor-invisible elementor-widget elementor-widget-icon-box\" data-id=\"b0d6bf9\" data-element_type=\"widget\" data-settings=\"{&quot;_animation&quot;:&quot;fadeInUp&quot;}\" data-widget_type=\"icon-box.default\">\n\t\t\t\t<div class=\"elementor-widget-container\">\n\t\t\t\t\t<div class=\"elementor-icon-box-wrapper\">\n\t\t\t\t\t\t<div class=\"elementor-icon-box-icon\">\n\t\t\t\t<span class=\"elementor-icon elementor-animation-\" >\n\t\t\t\t<i aria-hidden=\"true\" class=\"fas fa-phone\"><\/i>\t\t\t\t<\/span>\n\t\t\t<\/div>\n\t\t\t\t\t\t<div class=\"elementor-icon-box-content\">\n\t\t\t\t<h3 class=\"elementor-icon-box-title\">\n\t\t\t\t\t<span  >\n\t\t\t\t\t\tAveti intrebari?\t\t\t\t\t<\/span>\n\t\t\t\t<\/h3>\n\t\t\t\t\t\t\t\t\t<p class=\"elementor-icon-box-description\">\n\t\t\t\t\t\t+4 021.319.19.00 \u2013 int. 301; +4 021.311.87.20\t\t\t\t\t<\/p>\n\t\t\t\t\t\t\t<\/div>\n\t\t<\/div>\n\t\t\t\t<\/div>\n\t\t\t\t<\/div>\n\t\t\t\t\t<\/div>\n\t\t<\/div>\n\t\t\t\t<div class=\"elementor-column elementor-col-33 elementor-top-column elementor-element elementor-element-a8edb7f\" data-id=\"a8edb7f\" data-element_type=\"column\">\n\t\t\t<div class=\"elementor-widget-wrap elementor-element-populated\">\n\t\t\t\t\t\t\t\t<div class=\"elementor-element elementor-element-71f9eed elementor-view-default elementor-mobile-position-top elementor-vertical-align-top elementor-invisible elementor-widget elementor-widget-icon-box\" data-id=\"71f9eed\" data-element_type=\"widget\" data-settings=\"{&quot;_animation&quot;:&quot;fadeInRight&quot;}\" data-widget_type=\"icon-box.default\">\n\t\t\t\t<div class=\"elementor-widget-container\">\n\t\t\t\t\t<div class=\"elementor-icon-box-wrapper\">\n\t\t\t\t\t\t<div class=\"elementor-icon-box-icon\">\n\t\t\t\t<span class=\"elementor-icon elementor-animation-\" >\n\t\t\t\t<i aria-hidden=\"true\" class=\"fas fa-map-pin\"><\/i>\t\t\t\t<\/span>\n\t\t\t<\/div>\n\t\t\t\t\t\t<div class=\"elementor-icon-box-content\">\n\t\t\t\t<h3 class=\"elementor-icon-box-title\">\n\t\t\t\t\t<span  >\n\t\t\t\t\t\tBucuresti, Romania\t\t\t\t\t<\/span>\n\t\t\t\t<\/h3>\n\t\t\t\t\t\t\t\t\t<p class=\"elementor-icon-box-description\">\n\t\t\t\t\t\tBucure\u0219ti, Pia\u021ba Roman\u0103 nr. 6, sala 0218A\n\n\t\t\t\t\t<\/p>\n\t\t\t\t\t\t\t<\/div>\n\t\t<\/div>\n\t\t\t\t<\/div>\n\t\t\t\t<\/div>\n\t\t\t\t\t<\/div>\n\t\t<\/div>\n\t\t\t\t\t\t\t<\/div>\n\t\t<\/section>\n\t\t\t\t<section class=\"elementor-section elementor-top-section elementor-element elementor-element-d56121c elementor-section-boxed elementor-section-height-default elementor-section-height-default\" data-id=\"d56121c\" data-element_type=\"section\">\n\t\t\t\t\t\t<div class=\"elementor-container elementor-column-gap-default\">\n\t\t\t\t\t<div class=\"elementor-column elementor-col-100 elementor-top-column elementor-element elementor-element-8becc77\" data-id=\"8becc77\" data-element_type=\"column\">\n\t\t\t<div class=\"elementor-widget-wrap\">\n\t\t\t\t\t\t\t\t\t<\/div>\n\t\t<\/div>\n\t\t\t\t\t\t\t<\/div>\n\t\t<\/section>\n\t\t\t\t\t\t\t<\/div>\n\t\t","protected":false},"excerpt":{"rendered":"<p>Evenimente\/nout\u0103\u0163i Conferin\u021ba Interna\u021bional\u0103 EINCO 2026 Facultatea de \u0218tiin\u021be Economice din cadrul Universit\u0103\u021bii din Oradea v\u0103 invit\u0103 la Conferin\u021ba Interna\u021bional\u0103 EINCO 2026, care se va desf\u0103\u0219ura \u00een perioada 20-30 mai 2026. Pentru informa\u021bii complete despre program, sec\u021biuni \u0219i \u00eenscrieri, v\u0103 rug\u0103m s\u0103 accesa\u021bi platforma oficial\u0103 a conferin\u021bei:\u00a0https:\/\/confdesk.com\/attend\/EINCO2026. CALL FOR PAPERS IECS 2026 \u2013 International Economic Conference of Sibiu Facultatea de \u0218tiin\u021be Economice din cadrul Universit\u0103\u021bii \u201eLucian Blaga\u201d din Sibiu v\u0103 invit\u0103 la cea de-a 33-a edi\u021bie a Conferin\u021bei Economice Interna\u021bionale de la Sibiu (IECS), care va avea loc \u00een perioada 22-23 mai 2026. Call for Papers\u00a0 International Economic Conference \u2013 Challenges and Opportunities for a Sustainable Development (COSD 2026) Facultatea de Economie, Administra\u021bie \u0219i Afaceri din cadrul Universit\u0103\u021bii \u201e\u0218tefan cel Mare\u201d din Suceava v\u0103 invit\u0103 la\u00a0International Economic Conference \u2013 Challenges and Opportunities for a Sustainable Development (COSD 2026), care se va desf\u0103\u0219ura \u00een perioada\u00a04-5 iunie 2026. CALL FOR PAPERS Conferin\u021bei Interna\u021bionale \u201dPRESENT ISSUES OF GLOBAL ECONOMY\u201d Facultatea de \u0218tiin\u021be Economice din cadrul Universit\u0103\u021bii \u201eOvidius\u201d din Constan\u021ba v\u0103 invit\u0103 la cea de-a 23-a edi\u021bie a Conferin\u021bei Interna\u021bionale \u201ePRESENT ISSUES OF GLOBAL ECONOMY\u201d, care va avea loc \u00een perioada\u00a025-27 iunie 2026. Detalii suplimentare:\u00a0Informa\u021bii complete despre eveniment, \u00eenscrieri \u0219i sec\u021biuni pot fi consultate acces\u00e2nd link-ul oficial:\u00a0https:\/\/share.google\/Ryg9ag8bcs8wgHkj8. CALL FOR PAPERS Rom\u00e2nia se afl\u0103, \u00een prezent, \u00een perioada realiz\u0103rii unei profunde reforme a \u00eenv\u0103\u0163\u0103m\u00e2ntului superior, \u00een general, respectiv a \u00eenv\u0103\u0163\u0103m\u00e2ntului economic superior, \u00een special. Pentru a face fa\u021b\u0103 acestei provoc\u0103ri este nevoie de unirea eforturilor tuturor facult\u0103\u021bilor de economie din \u021bara noastr\u0103, care se poate realiza prin intermediul Asocia\u021biei Facult\u0103\u021bilor de Economie din Rom\u00e2nia (AFER). Prof.univ.dr. Nicolae ISTUDOR\u00a0 \u00a0 \u00a0 Misiune Asocia\u0163ia vizeaz\u0103 dezvoltarea \u015fi perfec\u0163ionarea \u00eenv\u0103\u0163\u0103m\u00e2ntului superior economic din Rom\u00e2nia \u00een spiritul reformator european, av\u00e2nd ca obiective principale: identificarea \u015fi promovarea celor mai bune practici consacrate la nivel na\u0163ional \u015fi interna\u0163ional \u00een materie deeduca\u0163ie, cercetare \u015ftiin\u0163ific\u0103 \u015fi management universitar; promovarea unor standarde de referin\u0163\u0103 realiste pentru asigurarea calit\u0103\u0163ii \u00een \u00eenv\u0103\u0163\u0103m\u00e2ntul superior economic din Rom\u00e2nia; promovarea \u015fi sus\u0163inerea intereselor membrilor Asocia\u0163iei, asum\u00e2ndu-\u015fi expertiza \u00een fundamentarea \u015fimonitorizarea strategiei \u015fi politicilor de modernizare a \u00eenv\u0103\u0163\u0103m\u00e2ntului universitar rom\u00e2nesc, \u00een general, \u015fi a \u00eenv\u0103\u0163\u0103m\u00e2ntului superior economic, \u00een special; dezvoltarea cooper\u0103rii \u00eentre membrii s\u0103i prin conlucrare \u015fi consultare colegial\u0103 pentru rezolvarea prin consens,\u00eentr-o manier\u0103 constructiv\u0103 a provoc\u0103rilor care decurg din aplicarea legisla\u0163iei \u00een domeniul \u00eenv\u0103\u0163\u0103m\u00e2ntului superiorprecum \u015fi rezolvarea altor probleme de interes comun; asigurarea vizibilit\u0103\u0163ii imaginii AFER \u00een comunitatea universitar\u0103 na\u0163ional\u0103 \u015fi european\u0103, \u00een lumea \u015ftiin\u0163ific\u0103 \u015fi \u00eensocietate pentru ac\u0163iunile desf\u0103\u015furate \u00een conformitate cu prevederile statutare mai multe detalii contact@afer.ase.ro R\u0103spundem \u00een termen de 24 de ore Aveti intrebari? +4 021.319.19.00 \u2013 int. 301; +4 021.311.87.20 Bucuresti, Romania Bucure\u0219ti, Pia\u021ba Roman\u0103 nr. 6, sala 0218A<\/p>\n","protected":false},"author":1,"featured_media":0,"parent":0,"menu_order":0,"comment_status":"closed","ping_status":"closed","template":"elementor_header_footer","meta":{"footnotes":""},"class_list":["post-5","page","type-page","status-publish","hentry"],"_links":{"self":[{"href":"https:\/\/afer.ase.ro\/index.php?rest_route=\/wp\/v2\/pages\/5","targetHints":{"allow":["GET"]}}],"collection":[{"href":"https:\/\/afer.ase.ro\/index.php?rest_route=\/wp\/v2\/pages"}],"about":[{"href":"https:\/\/afer.ase.ro\/index.php?rest_route=\/wp\/v2\/types\/page"}],"author":[{"embeddable":true,"href":"https:\/\/afer.ase.ro\/index.php?rest_route=\/wp\/v2\/users\/1"}],"replies":[{"embeddable":true,"href":"https:\/\/afer.ase.ro\/index.php?rest_route=%2Fwp%2Fv2%2Fcomments&post=5"}],"version-history":[{"count":380,"href":"https:\/\/afer.ase.ro\/index.php?rest_route=\/wp\/v2\/pages\/5\/revisions"}],"predecessor-version":[{"id":1924,"href":"https:\/\/afer.ase.ro\/index.php?rest_route=\/wp\/v2\/pages\/5\/revisions\/1924"}],"wp:attachment":[{"href":"https:\/\/afer.ase.ro\/index.php?rest_route=%2Fwp%2Fv2%2Fmedia&parent=5"}],"curies":[{"name":"wp","href":"https:\/\/api.w.org\/{rel}","templated":true}]}}